{"id":175,"date":"2022-11-09T12:37:09","date_gmt":"2022-11-09T12:37:09","guid":{"rendered":"https:\/\/lumi.albaagency.fr\/?page_id=175"},"modified":"2026-04-06T18:58:20","modified_gmt":"2026-04-06T18:58:20","slug":"numeros","status":"publish","type":"page","link":"https:\/\/m3c.universita.corsica\/lumi\/numeros\/","title":{"rendered":"Num\u00e9ros"},"content":{"rendered":"\t\t<div data-elementor-type=\"wp-page\" data-elementor-id=\"175\" class=\"elementor elementor-175\" data-elementor-post-type=\"page\">\n\t\t\t\t<div data-particle_enable=\"false\" data-particle-mobile-disabled=\"false\" class=\"elementor-element elementor-element-daffde6 e-flex e-con-boxed e-con e-parent\" data-id=\"daffde6\" data-element_type=\"container\" data-e-type=\"container\">\n\t\t\t\t\t<div class=\"e-con-inner\">\n\t\t<div data-particle_enable=\"false\" data-particle-mobile-disabled=\"false\" class=\"elementor-element elementor-element-42c3b9a e-con-full e-flex e-con e-child\" data-id=\"42c3b9a\" data-element_type=\"container\" data-e-type=\"container\">\n\t\t\t\t<div class=\"elementor-element elementor-element-4830332 content-align-cta-default eael-cta-overlay-yes elementor-widget elementor-widget-eael-cta-box\" data-id=\"4830332\" data-element_type=\"widget\" data-e-type=\"widget\" data-widget_type=\"eael-cta-box.default\">\n\t\t\t\t<div class=\"elementor-widget-container\">\n\t\t\t\t\t\t\t<div class=\"eael-call-to-action cta-basic bg-img cta-preset-1\">\n        <h4 class=\"sub-title\">N\u00b01<\/h4><h2 class=\"title eael-cta-heading\">Napol\u00e9on et la Corse<\/h2><p>D\u00e9cembre 2022<\/p><a href=\"https:\/\/m3c.universita.corsica\/lumi\/category\/numero1\/\" class=\"cta-button cta-preset-1  \">Voir le num\u00e9ro<\/a>\t<\/div>\n\t\t\t\t\t\t\t\t<\/div>\n\t\t\t\t<\/div>\n\t\t\t\t<\/div>\n\t\t<div data-particle_enable=\"false\" data-particle-mobile-disabled=\"false\" class=\"elementor-element elementor-element-16f9500 e-con-full e-flex e-con e-child\" data-id=\"16f9500\" data-element_type=\"container\" data-e-type=\"container\">\n\t\t\t\t<div class=\"elementor-element elementor-element-3bf0166 content-align-cta-default eael-cta-overlay-yes elementor-widget elementor-widget-eael-cta-box\" data-id=\"3bf0166\" data-element_type=\"widget\" data-e-type=\"widget\" data-widget_type=\"eael-cta-box.default\">\n\t\t\t\t<div class=\"elementor-widget-container\">\n\t\t\t\t\t\t\t<div class=\"eael-call-to-action cta-basic bg-img cta-preset-1\">\n        <h4 class=\"sub-title\">N\u00b02<\/h4><h2 class=\"title eael-cta-heading\">La colonisation, fille ill\u00e9gitime des Lumi\u00e8res ?<\/h2><p>Juillet 2023<\/p><a href=\"https:\/\/m3c.universita.corsica\/lumi\/category\/numero2\/\" class=\"cta-button cta-preset-1  \">Voir le num\u00e9ro<\/a>\t<\/div>\n\t\t\t\t\t\t\t\t<\/div>\n\t\t\t\t<\/div>\n\t\t\t\t<\/div>\n\t\t<div data-particle_enable=\"false\" data-particle-mobile-disabled=\"false\" class=\"elementor-element elementor-element-0778237 e-con-full e-flex e-con e-child\" data-id=\"0778237\" data-element_type=\"container\" data-e-type=\"container\">\n\t\t\t\t<div class=\"elementor-element elementor-element-078320f content-align-cta-default eael-cta-overlay-yes elementor-widget elementor-widget-eael-cta-box\" data-id=\"078320f\" data-element_type=\"widget\" data-e-type=\"widget\" data-widget_type=\"eael-cta-box.default\">\n\t\t\t\t<div class=\"elementor-widget-container\">\n\t\t\t\t\t\t\t<div class=\"eael-call-to-action cta-basic bg-img cta-preset-1\">\n        <h4 class=\"sub-title\">N\u00b03<\/h4><h2 class=\"title eael-cta-heading\">R\u00e9publique et r\u00e9publicanismes<\/h2><p>D\u00e9cembre 2023<\/p><a href=\"https:\/\/m3c.universita.corsica\/lumi\/category\/numero3\/\" class=\"cta-button cta-preset-1  \">Voir le num\u00e9ro<\/a>\t<\/div>\n\t\t\t\t\t\t\t\t<\/div>\n\t\t\t\t<\/div>\n\t\t\t\t<\/div>\n\t\t<div data-particle_enable=\"false\" data-particle-mobile-disabled=\"false\" class=\"elementor-element elementor-element-5512ed0 e-con-full e-flex e-con e-child\" data-id=\"5512ed0\" data-element_type=\"container\" data-e-type=\"container\">\n\t\t\t\t<div class=\"elementor-element elementor-element-90875ca content-align-cta-default eael-cta-overlay-yes elementor-widget elementor-widget-eael-cta-box\" data-id=\"90875ca\" data-element_type=\"widget\" data-e-type=\"widget\" data-widget_type=\"eael-cta-box.default\">\n\t\t\t\t<div class=\"elementor-widget-container\">\n\t\t\t\t\t\t\t<div class=\"eael-call-to-action cta-basic bg-img cta-preset-1\">\n        <h4 class=\"sub-title\">N\u00b04<\/h4><h2 class=\"title eael-cta-heading\">L\u2019\u00c9ducation une affaire d\u2019\u00c9tat ?<\/h2><p>Juillet 2024<\/p><a href=\"https:\/\/m3c.universita.corsica\/lumi\/category\/numero4\/\" class=\"cta-button cta-preset-1  \">Voir le num\u00e9ro<\/a>\t<\/div>\n\t\t\t\t\t\t\t\t<\/div>\n\t\t\t\t<\/div>\n\t\t\t\t<\/div>\n\t\t<div data-particle_enable=\"false\" data-particle-mobile-disabled=\"false\" class=\"elementor-element elementor-element-ffdc415 e-con-full e-flex e-con e-child\" data-id=\"ffdc415\" data-element_type=\"container\" data-e-type=\"container\">\n\t\t\t\t<div class=\"elementor-element elementor-element-177f33c content-align-cta-default eael-cta-overlay-yes elementor-widget elementor-widget-eael-cta-box\" data-id=\"177f33c\" data-element_type=\"widget\" data-e-type=\"widget\" data-widget_type=\"eael-cta-box.default\">\n\t\t\t\t<div class=\"elementor-widget-container\">\n\t\t\t\t\t\t\t<div class=\"eael-call-to-action cta-basic bg-img cta-preset-1\">\n        <h4 class=\"sub-title\">N\u00b05<\/h4><h2 class=\"title eael-cta-heading\">Religions et la\u00efcit\u00e9<\/h2><p>Janvier 2025<\/p><a href=\"https:\/\/m3c.universita.corsica\/lumi\/category\/numero5\/\" class=\"cta-button cta-preset-1  \">Voir le num\u00e9ro<\/a>\t<\/div>\n\t\t\t\t\t\t\t\t<\/div>\n\t\t\t\t<\/div>\n\t\t\t\t<\/div>\n\t\t<div data-particle_enable=\"false\" data-particle-mobile-disabled=\"false\" class=\"elementor-element elementor-element-4355eb3 e-con-full e-flex e-con e-child\" data-id=\"4355eb3\" data-element_type=\"container\" data-e-type=\"container\">\n\t\t\t\t<div class=\"elementor-element elementor-element-833ccaa content-align-cta-default eael-cta-overlay-yes elementor-widget elementor-widget-eael-cta-box\" data-id=\"833ccaa\" data-element_type=\"widget\" data-e-type=\"widget\" data-widget_type=\"eael-cta-box.default\">\n\t\t\t\t<div class=\"elementor-widget-container\">\n\t\t\t\t\t\t\t<div class=\"eael-call-to-action cta-basic bg-img cta-preset-1\">\n        <h4 class=\"sub-title\">N\u00b06<\/h4><h2 class=\"title eael-cta-heading\">Le \u00ab droit au bonheur \u00bb, une id\u00e9e toujours neuve ?<\/h2><p>Septembre 2025<\/p><a href=\"https:\/\/m3c.universita.corsica\/lumi\/category\/numero6\/\" class=\"cta-button cta-preset-1  \">Voir le num\u00e9ro<\/a>\t<\/div>\n\t\t\t\t\t\t\t\t<\/div>\n\t\t\t\t<\/div>\n\t\t\t\t<\/div>\n\t\t<div data-particle_enable=\"false\" data-particle-mobile-disabled=\"false\" class=\"elementor-element elementor-element-10f8f3a e-con-full e-flex e-con e-child\" data-id=\"10f8f3a\" data-element_type=\"container\" data-e-type=\"container\">\n\t\t\t\t<div class=\"elementor-element elementor-element-f75d4a2 content-align-cta-default eael-cta-overlay-yes elementor-widget elementor-widget-eael-cta-box\" data-id=\"f75d4a2\" data-element_type=\"widget\" data-e-type=\"widget\" data-widget_type=\"eael-cta-box.default\">\n\t\t\t\t<div class=\"elementor-widget-container\">\n\t\t\t\t\t\t\t<div class=\"eael-call-to-action cta-basic bg-img cta-preset-1\">\n        <h4 class=\"sub-title\">N\u00b07<\/h4><h2 class=\"title eael-cta-heading\">Que faire de l\u2019h\u00e9ritage des Lumi\u00e8res ?<\/h2><p>Janvier 2026<\/p><a href=\"https:\/\/m3c.universita.corsica\/lumi\/category\/numero7\/\" class=\"cta-button cta-preset-1  \">Voir le num\u00e9ro<\/a>\t<\/div>\n\t\t\t\t\t\t\t\t<\/div>\n\t\t\t\t<\/div>\n\t\t\t\t<\/div>\n\t\t\t\t\t<\/div>\n\t\t\t\t<\/div>\n\t\t<div data-particle_enable=\"false\" data-particle-mobile-disabled=\"false\" class=\"elementor-element elementor-element-12ec056 e-flex e-con-boxed e-con e-parent\" data-id=\"12ec056\" data-element_type=\"container\" data-e-type=\"container\">\n\t\t\t\t\t<div class=\"e-con-inner\">\n\t\t\t\t<div class=\"elementor-element elementor-element-56f87cd elementor-widget elementor-widget-heading\" data-id=\"56f87cd\" data-element_type=\"widget\" data-e-type=\"widget\" data-widget_type=\"heading.default\">\n\t\t\t\t<div class=\"elementor-widget-container\">\n\t\t\t\t\t<h2 class=\"elementor-heading-title elementor-size-default\">Hors-S\u00e9rie<\/h2>\t\t\t\t<\/div>\n\t\t\t\t<\/div>\n\t\t\t\t\t<\/div>\n\t\t\t\t<\/div>\n\t\t<div data-particle_enable=\"false\" data-particle-mobile-disabled=\"false\" class=\"elementor-element elementor-element-2c90cbc e-flex e-con-boxed e-con e-parent\" data-id=\"2c90cbc\" data-element_type=\"container\" data-e-type=\"container\">\n\t\t\t\t\t<div class=\"e-con-inner\">\n\t\t<div data-particle_enable=\"false\" data-particle-mobile-disabled=\"false\" class=\"elementor-element elementor-element-5d75e8e e-con-full e-flex e-con e-child\" data-id=\"5d75e8e\" data-element_type=\"container\" data-e-type=\"container\">\n\t\t\t\t<div class=\"elementor-element elementor-element-713d609 content-align-cta-default eael-cta-overlay-yes elementor-widget elementor-widget-eael-cta-box\" data-id=\"713d609\" data-element_type=\"widget\" data-e-type=\"widget\" data-widget_type=\"eael-cta-box.default\">\n\t\t\t\t<div class=\"elementor-widget-container\">\n\t\t\t\t\t\t\t<div class=\"eael-call-to-action cta-basic bg-img cta-preset-1\">\n        <h4 class=\"sub-title\">N\u00b01<\/h4><h2 class=\"title eael-cta-heading\">Napol\u00e9on et la Corse<\/h2><p>Juillet 2025<\/p><a href=\"https:\/\/m3c.universita.corsica\/lumi\/category\/hors-serie-1\/\" class=\"cta-button cta-preset-1  \">Voir le num\u00e9ro<\/a>\t<\/div>\n\t\t\t\t\t\t\t\t<\/div>\n\t\t\t\t<\/div>\n\t\t\t\t<\/div>\n\t\t<div data-particle_enable=\"false\" data-particle-mobile-disabled=\"false\" class=\"elementor-element elementor-element-edaca9d e-con-full e-flex e-con e-child\" data-id=\"edaca9d\" data-element_type=\"container\" data-e-type=\"container\">\n\t\t\t\t<\/div>\n\t\t\t\t\t<\/div>\n\t\t\t\t<\/div>\n\t\t<div data-particle_enable=\"false\" data-particle-mobile-disabled=\"false\" class=\"elementor-element elementor-element-2463c51 e-flex e-con-boxed e-con e-parent\" data-id=\"2463c51\" data-element_type=\"container\" data-e-type=\"container\" data-settings=\"{&quot;background_background&quot;:&quot;classic&quot;}\">\n\t\t\t\t\t<div class=\"e-con-inner\">\n\t\t<div data-particle_enable=\"false\" data-particle-mobile-disabled=\"false\" class=\"elementor-element elementor-element-b1fc48a e-con-full e-flex e-con e-child\" data-id=\"b1fc48a\" data-element_type=\"container\" data-e-type=\"container\">\n\t\t\t\t<div class=\"elementor-element elementor-element-ddc61c9 elementor-widget elementor-widget-heading\" data-id=\"ddc61c9\" data-element_type=\"widget\" data-e-type=\"widget\" data-widget_type=\"heading.default\">\n\t\t\t\t<div class=\"elementor-widget-container\">\n\t\t\t\t\t<h2 class=\"elementor-heading-title elementor-size-default\">Lumi<\/h2>\t\t\t\t<\/div>\n\t\t\t\t<\/div>\n\t\t\t\t<div class=\"elementor-element elementor-element-8a763dc elementor-widget elementor-widget-text-editor\" data-id=\"8a763dc\" data-element_type=\"widget\" data-e-type=\"widget\" data-widget_type=\"text-editor.default\">\n\t\t\t\t<div class=\"elementor-widget-container\">\n\t\t\t\t\t\t\t\t\t<p>Cette revue s&rsquo;inscrit dans le sillon scientifique trac\u00e9 depuis 2014 \u00e0 l&rsquo;Universit\u00e9 de Corse et \u00e0 l&rsquo;UMR CNRS Lisa, \u00e0 travers le programme Paoli-Napol\u00e9on. Ce dernier a g\u00e9n\u00e9r\u00e9 de nombreux s\u00e9minaires et colloques internationaux organis\u00e9s dans une logique r\u00e9solument interdisciplinaire autour de ces deux grandes figures historiques, mais \u00e9galement des Lumi\u00e8res, des r\u00e9volutions, ainsi que de leurs post\u00e9rit\u00e9s jusqu&rsquo;\u00e0 nos jours. Les disciplines convoqu\u00e9es \u00e0 travers ces travaux sont nombreuses : histoire, droit, litt\u00e9rature, science politique, histoire des id\u00e9es, histoire de l&rsquo;imaginaire, mais \u00e9galement \u2013 dans une perspective de valorisation \u2013 les sciences de gestion et le d\u00e9veloppement territorial&#8230;<\/p>\t\t\t\t\t\t\t\t<\/div>\n\t\t\t\t<\/div>\n\t\t\t\t<div class=\"elementor-element elementor-element-019360a elementor-widget elementor-widget-button\" data-id=\"019360a\" data-element_type=\"widget\" data-e-type=\"widget\" data-widget_type=\"button.default\">\n\t\t\t\t<div class=\"elementor-widget-container\">\n\t\t\t\t\t\t\t\t\t<div class=\"elementor-button-wrapper\">\n\t\t\t\t\t<a class=\"elementor-button elementor-button-link elementor-size-sm\" href=\"https:\/\/m3c.universita.corsica\/lumi\/presentation\/\">\n\t\t\t\t\t\t<span class=\"elementor-button-content-wrapper\">\n\t\t\t\t\t\t\t\t\t<span class=\"elementor-button-text\">En savoir plus<\/span>\n\t\t\t\t\t<\/span>\n\t\t\t\t\t<\/a>\n\t\t\t\t<\/div>\n\t\t\t\t\t\t\t\t<\/div>\n\t\t\t\t<\/div>\n\t\t\t\t<\/div>\n\t\t<div data-particle_enable=\"false\" data-particle-mobile-disabled=\"false\" class=\"elementor-element elementor-element-635725d e-con-full e-flex e-con e-child\" data-id=\"635725d\" data-element_type=\"container\" data-e-type=\"container\">\n\t\t\t\t<div class=\"elementor-element elementor-element-614bc60 elementor-widget elementor-widget-text-editor\" data-id=\"614bc60\" data-element_type=\"widget\" data-e-type=\"widget\" data-widget_type=\"text-editor.default\">\n\t\t\t\t<div class=\"elementor-widget-container\">\n\t\t\t\t\t\t\t\t\t<p><strong>Rivista di studii nantu \u00e0 l&rsquo;et\u00e0 di i Lumi \u00e8 di e Rivoluzioni, \u00e8 nantu a so pusterit\u00e0.<\/strong><\/p><p>Revue d\u2019\u00e9tudes sur l\u2019\u00e2ge des Lumi\u00e8res et des R\u00e9volutions, ainsi que sur leur post\u00e9rit\u00e9.<\/p><p>Science journal about the age of Enlightment and the Revolutions as well as their posterity.<\/p><p>Rivista di studi sull&rsquo;Et\u00e0 dei Lumi e delle Rivoluzioni, e sulla loro posterit\u00e0.<\/p><p>Rivista de ist\u00f9dios in contu de s&rsquo;edade de sos Lumes e de sas rivolutziones e subra sa posteridade issoro.<\/p><p>Revista dels estudis sobre la Il\u00b7lustraci\u00f3 i les Revolucions, i sobre la seva posteritat.<\/p><p>Revista de estudios sobre el Siglo de las Luces y las Revoluciones, as\u00ed como sobre su posteridad.<\/p><p>\u0395\u03c0\u03b9\u03c3\u03c4\u03b7\u03bc\u03bf\u03bd\u03b9\u03ba\u03ae \u03b1\u03bd\u03b1\u03c3\u03ba\u03cc\u03c0\u03b7\u03c3\u03b7 \u03b3\u03b9\u03b1 \u03c4\u03b7\u03bd \u0395\u03c0\u03bf\u03c7\u03ae \u03c4\u03bf\u03c5 \u0394\u03b9\u03b1\u03c6\u03c9\u03c4\u03b9\u03c3\u03bc\u03bf\u03cd \u03ba\u03b1\u03b9 \u03c4\u03b9\u03c2 \u03b5\u03c0\u03b1\u03bd\u03b1\u03c3\u03c4\u03ac\u03c3\u03b5\u03b9\u03c2, \u03ba\u03b1\u03b8\u03ce\u03c2 \u03ba\u03b1\u03b9 \u03c4\u03b9\u03c2 \u03b5\u03c0\u03b9\u03c0\u03c4\u03ce\u03c3\u03b5\u03b9\u03c2 \u03c4\u03bf\u03c5\u03c2.<\/p><p>\u05db\u05ea\u05d1 \u05e2\u05ea \u05de\u05d3\u05e2\u05d9 \u05e2\u05dc \u05e2\u05d9\u05d3\u05df \u05d4\u05e0\u05d0\u05d5\u05e8\u05d5\u05ea \u05d5\u05d4\u05de\u05d4\u05e4\u05db\u05d5\u05ea, \u05db\u05de\u05d5 \u05d2\u05dd \u05d4\u05e9\u05e4\u05e2\u05d5\u05ea\u05d9\u05d4\u05dd.<\/p><p>\u0645\u064e\u062c\u064e\u0644\u0651\u064e\u0629 \u0627\u0644\u062f\u0651\u0650\u0631\u0627\u0633\u064e\u0627\u062a \u062d\u064e\u0648\u0652\u0644\u064e \u0639\u064e\u0635\u0652\u0631\u0650 \u0627\u0644\u062a\u0651\u064e\u0646\u0652\u0648\u0650\u064a\u0631 \u0648\u0627\u0644\u062b\u0651\u064e\u0648\u0652\u0631\u064e\u0627\u062a\u0648\u0627\u0644\u0623\u064e\u062c\u0652\u064a\u0627\u0644 \u0627\u0644\u0644\u0651\u064e\u0627\u062d\u0650\u0642\u064e\u0629<\/p>\t\t\t\t\t\t\t\t<\/div>\n\t\t\t\t<\/div>\n\t\t\t\t<\/div>\n\t\t\t\t\t<\/div>\n\t\t\t\t<\/div>\n\t\t\t\t<\/div>\n\t\t","protected":false},"excerpt":{"rendered":"<p>N\u00b01 Napol\u00e9on et la Corse D\u00e9cembre 2022 Voir le num\u00e9ro N\u00b02 La colonisation, fille ill\u00e9gitime des Lumi\u00e8res ? Juillet 2023 Voir le num\u00e9ro N\u00b03 R\u00e9publique et r\u00e9publicanismes D\u00e9cembre 2023 Voir le num\u00e9ro N\u00b04 L\u2019\u00c9ducation une affaire d\u2019\u00c9tat ? Juillet 2024 Voir le num\u00e9ro N\u00b05 Religions et la\u00efcit\u00e9 Janvier 2025 Voir le num\u00e9ro N\u00b06 Le \u00ab [&hellip;]<\/p>\n","protected":false},"author":2,"featured_media":0,"parent":0,"menu_order":0,"comment_status":"closed","ping_status":"closed","template":"","meta":{"_acf_changed":false,"footnotes":""},"class_list":["post-175","page","type-page","status-publish","hentry"],"acf":[],"_links":{"self":[{"href":"https:\/\/m3c.universita.corsica\/lumi\/wp-json\/wp\/v2\/pages\/175","targetHints":{"allow":["GET"]}}],"collection":[{"href":"https:\/\/m3c.universita.corsica\/lumi\/wp-json\/wp\/v2\/pages"}],"about":[{"href":"https:\/\/m3c.universita.corsica\/lumi\/wp-json\/wp\/v2\/types\/page"}],"author":[{"embeddable":true,"href":"https:\/\/m3c.universita.corsica\/lumi\/wp-json\/wp\/v2\/users\/2"}],"replies":[{"embeddable":true,"href":"https:\/\/m3c.universita.corsica\/lumi\/wp-json\/wp\/v2\/comments?post=175"}],"version-history":[{"count":90,"href":"https:\/\/m3c.universita.corsica\/lumi\/wp-json\/wp\/v2\/pages\/175\/revisions"}],"predecessor-version":[{"id":5365,"href":"https:\/\/m3c.universita.corsica\/lumi\/wp-json\/wp\/v2\/pages\/175\/revisions\/5365"}],"wp:attachment":[{"href":"https:\/\/m3c.universita.corsica\/lumi\/wp-json\/wp\/v2\/media?parent=175"}],"curies":[{"name":"wp","href":"https:\/\/api.w.org\/{rel}","templated":true}]}}